{"id":897,"date":"2019-05-19T21:30:39","date_gmt":"2019-05-19T19:30:39","guid":{"rendered":"http:\/\/www.sainteelisabeth-versailles.com\/seh\/?page_id=897"},"modified":"2025-03-24T11:24:16","modified_gmt":"2025-03-24T10:24:16","slug":"points-importants-du-dernier-projet-missionnaire","status":"publish","type":"page","link":"https:\/\/www.sainteelisabeth-versailles.com\/seh\/presentation-de-la-paroisse\/points-importants-du-dernier-projet-missionnaire\/","title":{"rendered":"Points importants du dernier projet missionnaire"},"content":{"rendered":"<p>Apr\u00e8s un cheminement de 18 mois ayant entra\u00een\u00e9 l\u2019ensemble de la paroisse, ce parcours a d\u00e9bouch\u00e9 sur l\u2019\u00e9laboration d\u2019un projet missionnaire pour les ann\u00e9es 2018 \u00e0 2020.<\/p>\n<p>&nbsp;<\/p>\n<p>Les principaux axes de ce projet missionnaire pour la paroisse sont les suivants\u00a0:<\/p>\n<p>&nbsp;<\/p>\n<p>\u00ab\u00a0Afin de rendre notre paroisse davantage missionnaire et de la maintenir dans un \u00ab \u00e9tat permanent de mission \u00bb, nous prions et esp\u00e9rons :<\/p>\n<ol>\n<li>Que notre communaut\u00e9 sache s\u2019appuyer davantage sur sa diversit\u00e9 pour \u00eatre plus accueillante et pour faire grandir l\u2019entraide et les synergies.<\/li>\n<li>Que chacun puisse trouver dans notre paroisse des ressources spirituelles qui le nourrissent, l\u2019accompagnent et l\u2019aident \u00e0 grandir dans toutes les \u00e9tapes et circonstances de sa vie.<\/li>\n<li>Que notre communaut\u00e9 continue \u00e0 c\u00e9l\u00e9brer les sacrements et \u00e0 prier de mani\u00e8re belle, simple et joyeuse pour conduire chacun au Christ.<\/li>\n<li>Que notre paroisse ait une attention accrue \u00e0 toutes les fragilit\u00e9s pr\u00e9sentes dans notre quartier, avec le souci de susciter de nouvelles initiatives et d\u2019accompagner les personnes dans la dur\u00e9e.<\/li>\n<li>Que notre paroisse tisse des liens avec toute personne du quartier pour faire conna\u00eetre le nom de J\u00e9sus Christ et sache stimuler les initiatives missionnaires de chacun.<\/li>\n<\/ol>\n<p>&nbsp;<\/p>\n<p>Nous souhaitons \u00e9galement favoriser les occasions de coop\u00e9ration et de vie partag\u00e9e entre la communaut\u00e9 paroissiale et la communaut\u00e9 de langue portugaise.<\/p>\n<p>&nbsp;<\/p>\n","protected":false},"excerpt":{"rendered":"<p>Apr\u00e8s un cheminement de 18 mois ayant entra\u00een\u00e9 l\u2019ensemble de la paroisse, ce parcours a d\u00e9bouch\u00e9 sur l\u2019\u00e9laboration d\u2019un projet missionnaire pour les ann\u00e9es 2018 \u00e0 2020. &nbsp; Les principaux axes de ce projet missionnaire pour la paroisse sont les suivants\u00a0: &nbsp; \u00ab\u00a0Afin de rendre notre paroisse davantage missionnaire et de la maintenir dans un [&hellip;]<\/p>\n","protected":false},"author":6,"featured_media":0,"parent":843,"menu_order":0,"comment_status":"closed","ping_status":"closed","template":"page-type.php","meta":{"footnotes":""},"class_list":["post-897","page","type-page","status-publish","hentry"],"_links":{"self":[{"href":"https:\/\/www.sainteelisabeth-versailles.com\/seh\/wp-json\/wp\/v2\/pages\/897","targetHints":{"allow":["GET"]}}],"collection":[{"href":"https:\/\/www.sainteelisabeth-versailles.com\/seh\/wp-json\/wp\/v2\/pages"}],"about":[{"href":"https:\/\/www.sainteelisabeth-versailles.com\/seh\/wp-json\/wp\/v2\/types\/page"}],"author":[{"embeddable":true,"href":"https:\/\/www.sainteelisabeth-versailles.com\/seh\/wp-json\/wp\/v2\/users\/6"}],"replies":[{"embeddable":true,"href":"https:\/\/www.sainteelisabeth-versailles.com\/seh\/wp-json\/wp\/v2\/comments?post=897"}],"version-history":[{"count":7,"href":"https:\/\/www.sainteelisabeth-versailles.com\/seh\/wp-json\/wp\/v2\/pages\/897\/revisions"}],"predecessor-version":[{"id":6433,"href":"https:\/\/www.sainteelisabeth-versailles.com\/seh\/wp-json\/wp\/v2\/pages\/897\/revisions\/6433"}],"up":[{"embeddable":true,"href":"https:\/\/www.sainteelisabeth-versailles.com\/seh\/wp-json\/wp\/v2\/pages\/843"}],"wp:attachment":[{"href":"https:\/\/www.sainteelisabeth-versailles.com\/seh\/wp-json\/wp\/v2\/media?parent=897"}],"curies":[{"name":"wp","href":"https:\/\/api.w.org\/{rel}","templated":true}]}}